{"id":12946,"date":"2025-03-04T15:20:07","date_gmt":"2025-03-04T13:20:07","guid":{"rendered":"https:\/\/uiva.fi\/?page_id=12946"},"modified":"2025-11-05T10:41:49","modified_gmt":"2025-11-05T08:41:49","slug":"faq-fragor-och-svar","status":"publish","type":"page","link":"https:\/\/uiva.fi\/sv\/faq-fragor-och-svar\/","title":{"rendered":"FAQ &#8211; Fr\u00e5gor och svar"},"content":{"rendered":"\n<p>Nedan hittar du svar p\u00e5 vanliga fr\u00e5gor. Fr\u00e5gorna r\u00f6r bl.a. platshyror, till\u00e4ggsbest\u00e4llningar f\u00f6r utst\u00e4llare, ID-kort, el till montrar och  st\u00e4dning av montrar.  <\/p>\n\n\n\n<p><\/p>\n\n\n\n<p>Hittade du inte svaret p\u00e5 dina fr\u00e5gor? Kontakta <a href=\"mailto:uiva@finnboat.fi\">uiva@finnboat.fi<\/a>.<\/p>\n\n\n\n<hr class=\"wp-block-separator has-alpha-channel-opacity\"\/>\n\n\n\n<h3 class=\"wp-block-heading\">Vad \u00e4r Uiva Flytande?<\/h3>\n\n\n\n<p>Nordens st\u00f6rsta flytande b\u00e5tutst\u00e4llning, organiserad sedan 1978 av <a href=\"https:\/\/www.finnboat.fi\/\" title=\"\">B\u00e5tbranschens Centralf\u00f6rbund Finnboat rf<\/a>. 2026 utst\u00e4llning h\u00e5lls den 13-16 augusti.<\/p>\n\n\n\n<p>Anm\u00e4lan \u00f6ppnas i november! Anm\u00e4l dig senast den 16 januari 2026 och utnyttja b\u00e4sta priser! Early Bird f\u00f6rm\u00e5nerna utg\u00e5r 31.3.2026.<\/p>\n\n\n\n<div style=\"height:40px\" aria-hidden=\"true\" class=\"wp-block-spacer\"><\/div>\n\n\n\n<h3 class=\"wp-block-heading\">Viktiga datum<\/h3>\n\n\n\n<p>Anm\u00e4l dig senast den 16 januari 2026 och utnyttja b\u00e4sta priser! R\u00e4tten att reservera f\u00f6reg\u00e5ende \u00e5rs utst\u00e4llningsplats n\u00e4r du registrerar dig senast 31.3.2026. Early Bird f\u00f6rm\u00e5nerna utg\u00e5r 31.3.2026.<\/p>\n\n\n\n<p><strong>Utplaceringen b\u00f6rjar 1.4.2026<\/strong>. Platsbekr\u00e4ftningarna s\u00e4nds under JUNI.<\/p>\n\n\n\n<p>Platshyran (<strong>t\u00e4lt och landmonter<\/strong>) f\u00f6rfaller <strong>30.6.2026<\/strong>.<\/p>\n\n\n\n<p>Platshyran (<strong>bryggplatser<\/strong>) f\u00f6rfaller <strong>16.7.2026<\/strong>.<\/p>\n\n\n\n<p><strong>Best\u00e4llningarnas f\u00f6rfallodag<\/strong> <strong>31.7.2026<\/strong> (person- och kundkorten, hyresm\u00f6blerna, el).<\/p>\n\n\n\n<p>Uppf\u00f6randet av montrarna b\u00f6rjar <strong>12.8.2026<\/strong>. Nedmonteringen av motrarna inleds d\u00e5 utst\u00e4llningen st\u00e4ngt <strong>16.8.2026<\/strong>.<\/p>\n\n\n\n<div style=\"height:40px\" aria-hidden=\"true\" class=\"wp-block-spacer\"><\/div>\n\n\n\n<h3 class=\"wp-block-heading\">Platshyrorna<\/h3>\n\n\n\n<figure class=\"wp-block-image size-full\"><img loading=\"lazy\" decoding=\"async\" width=\"547\" height=\"786\" src=\"https:\/\/uiva.fi\/wp-content\/uploads\/2025\/11\/Uiva-2026-Flytande_hintavaiheet-ruotsi.png\" alt=\"\" class=\"wp-image-13734\" srcset=\"https:\/\/uiva.fi\/wp-content\/uploads\/2025\/11\/Uiva-2026-Flytande_hintavaiheet-ruotsi.png 547w, https:\/\/uiva.fi\/wp-content\/uploads\/2025\/11\/Uiva-2026-Flytande_hintavaiheet-ruotsi-209x300.png 209w\" sizes=\"auto, (max-width: 547px) 100vw, 547px\" \/><\/figure>\n\n\n\n<h4 class=\"wp-block-heading\">Rabatterna p\u00e5 flera b\u00e5tplatser vid brygga:<\/h4>\n\n\n\n<p>2:a b\u00e5ten -20%, 3:e b\u00e5ten -30%, 4:e b\u00e5ten -40%, 5:e och d\u00e4rp\u00e5 f\u00f6ljande b\u00e5tar -50%<br>B\u00e5t nr 1 \u00e4r alltid den st\u00f6rsta, b\u00e5t nr 2 den n\u00e4st st\u00f6rsta osv.<\/p>\n\n\n\n<p class=\"has-vivid-red-color has-text-color has-link-color wp-elements-3962e04652b0ed48304b23e106e1fe0a\"><br><strong>OBS! Det \u00e4r f\u00f6rbjudet att h\u00e4mta egna t\u00e4lt till omr\u00e5det. Alla fasta konstruktioner m\u00e5ste i f\u00f6rv\u00e4g godk\u00e4nnas hor Arrang\u00f6ren.<\/strong><\/p>\n\n\n\n<p><br>Underutst\u00e4llare betalar endast registrerings- och media-avgiften, som garanterar synligheten i utst\u00e4llningskatalogen.<\/p>\n\n\n\n<p><br>Till priserna tillkommer i kraft varande merv\u00e4rdesskatt.<\/p>\n\n\n\n<p><br>Finnboats medlemsf\u00f6retag f\u00e5r en 25 % till\u00e4ggsrabatt p\u00e5 alla utst\u00e4llningspaltser.<\/p>\n\n\n\n<div style=\"height:40px\" aria-hidden=\"true\" class=\"wp-block-spacer\"><\/div>\n\n\n\n<h3 class=\"wp-block-heading\">Betalning av platshyran<\/h3>\n\n\n\n<p>Platshyran (t\u00e4lt och landmonter) skall erl\u00e4ggas t.o.m. 30.6.2026. Platshyran (bryggplatser) skall erl\u00e4ggas t.o.m. 16.7.2026. Betald platshyra \u00e4r en f\u00f6ruts\u00e4ttning f\u00f6r att delta i utst\u00e4llningen.<\/p>\n\n\n\n<p>Utst\u00e4llningsplatserna faktureras i f\u00f6rv\u00e4g i sin helhet. Ifall utst\u00e4llaren inte erlagt platshyran vid f\u00f6rfallodatum ha Arrang\u00f6ren r\u00e4tt att utan s\u00e4rskilt besked h\u00e4nvisa det reserverade utrymmet till andra anv\u00e4ndare.<\/p>\n\n\n\n<div style=\"height:40px\" aria-hidden=\"true\" class=\"wp-block-spacer\"><\/div>\n\n\n\n<h3 class=\"wp-block-heading\">Hur vet jag om jag kan registrera mig som utst\u00e4llare?<\/h3>\n\n\n\n<p>Utst\u00e4llningen \u00e4r \u00f6ppen f\u00f6r nya produkter som erbjuds yrkesm\u00e4ssigt till f\u00f6rs\u00e4ljning eller tillverkas p\u00e5 best\u00e4llning samt f\u00f6r dem som erbjuder tj\u00e4nster f\u00f6r b\u00e5tfolk. Utst\u00e4llningen \u00e4r \u00f6ppen f\u00f6r tillverkare av b\u00e5tar och andra b\u00e5tbranschprodukter, f\u00f6r av dem auktoriserade representanter samt f\u00f6r branschens myndigheter, organisationer och publikationer. <\/p>\n\n\n\n<p>Endast de produkter som Arrang\u00f6ren har godk\u00e4nt kan st\u00e4llas ut. Utst\u00e4llaren f\u00f6rs\u00e4krar sig vid behov skriftligt om sina produkters utst\u00e4llningsduglighet av Arrang\u00f6ren innan anm\u00e4lningsblanketten ifylls.<\/p>\n\n\n\n<div style=\"height:40px\" aria-hidden=\"true\" class=\"wp-block-spacer\"><\/div>\n\n\n\n<h3 class=\"wp-block-heading\">Placeringen av utst\u00e4llningsavdelningar och b\u00e5tar<\/h3>\n\n\n\n<p>Arrang\u00f6ren best\u00e4mmer b\u00e5tarnas\/avdelningarnas slutliga placering. <\/p>\n\n\n\n<p>Vid placeringen beaktar man s\u00e5 l\u00e5ngt som m\u00f6jligt utst\u00e4llarens \u00f6nskem\u00e5l och placeringen, avdelningens storlek, anm\u00e4lningstid, utst\u00e4llarens l\u00e5ngvariga kundf\u00f6rh\u00e5llande samt att avdelningen och produkterna l\u00e4mpar sig f\u00f6r en viss del av utst\u00e4llningsomr\u00e5det. <\/p>\n\n\n\n<p>Arrang\u00f6ren har vid eventuell brist p\u00e5 utrymme r\u00e4tta att avgr\u00e4nsa det antal b\u00e5tar och deras storlek samt t\u00e4lt- och landmonterns storlek som utst\u00e4llaren anm\u00e4lt till utst\u00e4llningen.<\/p>\n\n\n\n<div style=\"height:40px\" aria-hidden=\"true\" class=\"wp-block-spacer\"><\/div>\n\n\n\n<h3 class=\"wp-block-heading\">Annullering av deltagande<\/h3>\n\n\n\n<p>Utst\u00e4llaren har r\u00e4tt att skriftligt annullera sitt deltagande. <\/p>\n\n\n\n<p>Ifall utst\u00e4llningsplatsens reservering annulleras under perioden <strong>1\u201330.6.2026<\/strong> uppb\u00e4r Arrang\u00f6ren <strong>25 %<\/strong> av de kostnader som f\u00f6rfallit f\u00f6r utst\u00e4llaren.<\/p>\n\n\n\n<p>Ifall utst\u00e4llningsplatsen annulleras <strong>1.7.2026 eller senare<\/strong>, uppb\u00e4r Arrang\u00f6ren <strong>alla de kostnader som f\u00f6rfallit f\u00f6r utst\u00e4llaren<\/strong> till sitt fulla v\u00e4rde. Registrerings- och media-avgiften skall alltid betalas helt.<\/p>\n\n\n\n<div style=\"height:40px\" aria-hidden=\"true\" class=\"wp-block-spacer\"><\/div>\n\n\n\n<h3 class=\"wp-block-heading\">Annulleringen av deltagandet g\u00f6rs ej<\/h3>\n\n\n\n<p>Att l\u00e4mna platshyran obetald eller att inte anl\u00e4nda till utst\u00e4llningen betyder inte en annullering. <\/p>\n\n\n\n<p>Ifall utst\u00e4llaren inte anv\u00e4nt sig av Deltagarvillkors punkt 8. n\u00e4mnda skriftliga annuleringsr\u00e4tt och inte anl\u00e4nder till utst\u00e4llningen, uppb\u00e4r Arrang\u00f6ren all de kostnader som f\u00f6rfallit f\u00f6r utst\u00e4llaren till sitt fulla v\u00e4rde.<\/p>\n\n\n\n<div style=\"height:40px\" aria-hidden=\"true\" class=\"wp-block-spacer\"><\/div>\n\n\n\n<h3 class=\"wp-block-heading\">Underutst\u00e4llare, vad \u00e4r det?<\/h3>\n\n\n\n<p>En underutst\u00e4llare kan till exempel vara en tillverkares \u00e5terf\u00f6rs\u00e4ljare eller ett partnerf\u00f6retag (eller annan partnerorganisation) till ett f\u00f6retag som redan har registrerat sig f\u00f6r utst\u00e4llningen. <\/p>\n\n\n\n<p>Underutst\u00e4llare betalar endast registrerings- och media-avgiften f\u00f6r sitt deltagande, som garanterar synligheten i utst\u00e4llningskatalogen. <\/p>\n\n\n\n<p>Om du \u00e4r os\u00e4ker p\u00e5 om du \u00e4r l\u00e4mplig att vara en underutst\u00e4llare eller vill ha mer information, skicka e-post till: uiva@finnboat.fi.<\/p>\n\n\n\n<div style=\"height:40px\" aria-hidden=\"true\" class=\"wp-block-spacer\"><\/div>\n\n\n\n<h3 class=\"wp-block-heading\">Upbyggnad av montrarna, tidtabell (t\u00e4lt och landmontrarna)<\/h3>\n\n\n\n<p>Man f\u00e5r inleda byggandet av landmontrar onsdag <strong>12.8. kl. 9.00<\/strong>.<\/p>\n\n\n\n<p>Avdelningarna skall vara f\u00e4rdiga senast torsdag <strong>13.8. kl. 10.00<\/strong>.<\/p>\n\n\n\n<p>Man f\u00e5r inleda demonteringen av utst\u00e4llningen s\u00f6ndag <strong>16.8. efter kl. 18.00<\/strong>.<\/p>\n\n\n\n<p>Landmontrarna skall demonteras senast m\u00e5ndag <strong>17.8. kl. 14.00<\/strong>.<\/p>\n\n\n\n<p>Obs! Det \u00e4r inte till\u00e5tet att medf\u00f6ra egna t\u00e4lt till utst\u00e4llningsomr\u00e5det. Fasta konstruktioner skall i f\u00f6rv\u00e4g godk\u00e4nnas hos arrang\u00f6ren.<\/p>\n\n\n\n<div style=\"height:40px\" aria-hidden=\"true\" class=\"wp-block-spacer\"><\/div>\n\n\n\n<h3 class=\"wp-block-heading\">Utst\u00e4llningst\u00e4ltets m\u00e5tt<\/h3>\n\n\n\n<p>Ett utst\u00e4llningst\u00e4lt \u00e4r 12m2 (bredd 3 m, djup 4 m). <\/p>\n\n\n\n<p>Utst\u00e4llningst\u00e4lt, stor \u00e4r 20m2 (bredd 5 m, djup 4 m).<\/p>\n\n\n\n<div style=\"height:40px\" aria-hidden=\"true\" class=\"wp-block-spacer\"><\/div>\n\n\n\n<h3 class=\"wp-block-heading\">Vilka tillbeh\u00f6r ing\u00e5r i t\u00e4ltet?<\/h3>\n\n\n\n<p>Utst\u00e4llnings t\u00e4lten har tak, bakv\u00e4ggar och st\u00e4ngbar frontsida. H\u00f6rnavdelningarna har dessutom st\u00e4ngbar gavelv\u00e4gg. <\/p>\n\n\n\n<p>Man kan f\u00f6r <strong>12m2<\/strong> utst\u00e4llnings t\u00e4lten separat best\u00e4lla ett set plastgolv och -matta, pris 180 EUR\/12m2 (15 EUR\/m2)<\/p>\n\n\n\n<p>Man kan f\u00f6r <strong>20m2<\/strong> utst\u00e4llnings t\u00e4lten separat best\u00e4lla ett set plastgolv, pris 220 EUR\/20m2 (11 EUR\/m2)<\/p>\n\n\n\n<p>Frontbr\u00e4de till t\u00e4lt, priset 110,00 \u20ac \/ st. Till alla priser tillkommer i kraft varande merv\u00e4rdesskatt Alla tillbeh\u00f6r kan best\u00e4llas p\u00e5 info@messunet.fi. Best\u00e4llningarna senast 31.7.2026.<\/p>\n\n\n\n<div style=\"height:40px\" aria-hidden=\"true\" class=\"wp-block-spacer\"><\/div>\n\n\n\n<h3 class=\"wp-block-heading\">Utst\u00e4llningsb\u00e5tarna<\/h3>\n\n\n\n<p>De utst\u00e4llda b\u00e5tarna skall vara nya eller i motsvarande skick ifall de redan \u00f6verl\u00e5tits till den 1:a kunden. <\/p>\n\n\n\n<p>Utst\u00e4llningsb\u00e5tarna skall vara rena och de skall h\u00e5llas rena under hela utst\u00e4llningen. Varje b\u00e5t skall ha en presentationsskylt. Presentationsskylten skall h\u00e5llas i b\u00e5ten och inte p\u00e5 bryggan. <\/p>\n\n\n\n<p>Utst\u00e4llaren f\u00e4ster sj\u00e4lv presentationsskylten p\u00e5 sina b\u00e5tar. Utst\u00e4llningsb\u00e5tarna f\u00e5r inte under utst\u00e4llningen avl\u00e4gsnas fr\u00e5n byggplatserna (exkl. provk\u00f6rningarna).<\/p>\n\n\n\n<div style=\"height:40px\" aria-hidden=\"true\" class=\"wp-block-spacer\"><\/div>\n\n\n\n<h3 class=\"wp-block-heading\">N\u00e4r kan b\u00e5tar f\u00f6ras in i utst\u00e4llningsomr\u00e5det?<\/h3>\n\n\n\n<p>Man f\u00e5r h\u00e4mta b\u00e5tar onsdag <strong>12.8. kl. 9.00<\/strong> (den styrda mottagningen av b\u00e5tar upph\u00f6r kl. 20.00).<\/p>\n\n\n\n<p>Avdelningarna skall vara f\u00e4rdiga senast torsdag <strong>13.8. kl. 10.00<\/strong>.<\/p>\n\n\n\n<p>Man f\u00e5r inleda demonteringen av utst\u00e4llningen s\u00f6ndag <strong>16.8. efter kl. 18.00<\/strong>.<\/p>\n\n\n\n<p>B\u00e5tarna skall f\u00f6ras bort senast m\u00e5ndag <strong>17.8. kl. 12.00<\/strong>.<\/p>\n\n\n\n<p class=\"has-vivid-red-color has-text-color has-link-color wp-elements-c17afc79ff457cc91a9944aee85ddd94\"><br>Man skall separat komma \u00f6verens med HSK:s hamnkapten om att h\u00e4mta b\u00e5tarna f\u00f6re eller l\u00e4mna kvar dem efter utsatt tid i HSK:s b\u00e5thamn ( tel. 0400 329 955).<\/p>\n\n\n\n<div style=\"height:40px\" aria-hidden=\"true\" class=\"wp-block-spacer\"><\/div>\n\n\n\n<h3 class=\"wp-block-heading\">Testseglatser och -k\u00f6rningar<\/h3>\n\n\n\n<p>Provseglatser och -k\u00f6rningar utf\u00f6rs f\u00f6re eller efter utst\u00e4llningens \u00f6ppeth\u00e5llningstider, eller efter det utst\u00e4llningen st\u00e4ngt. OBS! Av s\u00e4kerhetssk\u00e4l \u00e4r det norra omr\u00e5det utanf\u00f6r Flytande, mot Drums\u00f6 bro, reserverat f\u00f6r provk\u00f6rning av b\u00e5tar under 7 meter. Provk\u00f6rningarna av st\u00f6rre b\u00e5tar ber vi er styra fr\u00e5n hamnen s\u00f6derut.<\/p>\n\n\n\n<div style=\"height:40px\" aria-hidden=\"true\" class=\"wp-block-spacer\"><\/div>\n\n\n\n<h3 class=\"wp-block-heading\">Inbjudan till en provk\u00f6rning eller provseglats<\/h3>\n\n\n\n<p>Du kan hitta ett utskrivbart inbjudningsblankett p\u00e5 <a href=\"https:\/\/uiva.fi\/sv\/for-utstallare\/\" title=\"\">F\u00f6r utst\u00e4llare<\/a>-sidan. Inbjudningen ges till varje utst\u00e4llningsg\u00e4st som \u00e4r inbjuden till en provk\u00f6rning. <\/p>\n\n\n\n<p>De inbjudna g\u00e4sterna skall ovillkorligen h\u00e5lla med sig den ifyllda inbjudningsblanketten d\u00e5 de r\u00f6r sig p\u00e5 utst\u00e4llningsomr\u00e5det utom \u00f6ppeth\u00e5llningstiderna och den skall f\u00f6retes vid porten d\u00e5 man anl\u00e4nder till provk\u00f6rningen. Vi ber varje utst\u00e4llare kopiera blanketten i s\u00e5 m\u00e5nga exemplar envar beh\u00f6ver av dem.<\/p>\n\n\n\n<div style=\"height:40px\" aria-hidden=\"true\" class=\"wp-block-spacer\"><\/div>\n\n\n\n<h3 class=\"wp-block-heading\">Utst\u00e4llarnas ID-kort<\/h3>\n\n\n\n<p>Utst\u00e4llaren f\u00e5r till sin anv\u00e4ndning under utst\u00e4llningen personkort, vilka ber\u00e4ttigar till fritt intr\u00e4de till utst\u00e4llningsomr\u00e5det. Kortet \u00e4r personligt och ej f\u00f6r personer under 16 \u00e5r. <\/p>\n\n\n\n<p>Kortet b\u00f6r h\u00e5llas synligt n\u00e4r man \u00e4r p\u00e5 utst\u00e4llningsomr\u00e5det. Personkort \u00e4r ocks\u00e5 i kraft under de officiella upp- och nedmonteringsdagarna (12.8 och 16.8) Utst\u00e4llare h\u00e4mtar alla ID-kort fr\u00e5n infot\u00e4ltet vid ankomst till utst\u00e4llningen. P\u00e5 personkorten skrivs monterns nummer samt personens och f\u00f6retagets namn.<\/p>\n\n\n\n<p>Efter detta placeras ett ca 3 cm x 3,5 cm stort passfotografi p\u00e5 kortet p\u00e5 utrymmet reserverat f\u00f6r detta. D\u00e5 kortet f\u00f6rsetts med all n\u00f6dv\u00e4ndig information samt fotografiet, f\u00e4sts lamineringsfoliet p\u00e5 kortet. <\/p>\n\n\n\n<p>OBS! Lamineringsfoliet g\u00e5r inte att \u00f6ppna p\u00e5 nytt, s\u00e5 f\u00f6rs\u00e4kra dig om att texten och bilden \u00e4r i ordning f\u00f6re lamineringen!<\/p>\n\n\n\n<div style=\"height:40px\" aria-hidden=\"true\" class=\"wp-block-spacer\"><\/div>\n\n\n\n<h3 class=\"wp-block-heading\">Hur m\u00e5nga ID-kort ing\u00e5r in min bokning?<\/h3>\n\n\n\n<p><strong>F\u00f6r bryggmontrarna<\/strong> ger man kort enligt f\u00f6ljande: 1 b\u00e5t = 2 kort och f\u00f6r f\u00f6ljande 1 kort \/ b\u00e5t. <\/p>\n\n\n\n<p><strong>F\u00f6r land- och t\u00e4ltavdelningar<\/strong> ges kort enligt f\u00f6ljande: under 14 m2 monter = 2 kort, 15\u201324 m2 monter = 4 kort, 25\u201350 m2 monter = 6 kort, \u00f6ver 50 m2 monter = 10 kort underutst\u00e4llare = 1 kort. <\/p>\n\n\n\n<p>F\u00f6r personkort som best\u00e4lls ut\u00f6ver dessa debiteras 14 EUR\/st. (i kraft varande merv\u00e4rdesskatt l\u00e4ggs till priset).<\/p>\n\n\n\n<div style=\"height:40px\" aria-hidden=\"true\" class=\"wp-block-spacer\"><\/div>\n\n\n\n<h3 class=\"wp-block-heading\">Utdelning av reklamblad och broschyrer<\/h3>\n\n\n\n<p>Utdelningen av reklamblad, broschyrer, flyers osv. p\u00e5 utst\u00e4llningsomr\u00e5det f\u00f6rutom p\u00e5 f\u00f6retagets egen avdelning \u00e4r strikt f\u00f6rbjudet. Stora utereklamer, roll-upps och flaggor\/vimplar kan man f\u00e4sta p\u00e5 den egna avdelningen, men de f\u00e5r inte f\u00e4stas p\u00e5 fasta bryggkonstruktioner, t\u00e4ltkonstruktioner eller betongtyngder. <\/p>\n\n\n\n<p>Reklamer p\u00e5 bryggan och p\u00e5 b\u00e5tar f\u00e5r inte hindra trafiken p\u00e5 bryggorna och f\u00e5r inte st\u00f6ra eller t\u00e4cka bredvid liggande avdelningar. Utst\u00e4llaren f\u00f6rs\u00e4krar sig om att de banners, roll-upps och \u00f6vriga utereklamer han anv\u00e4nder p\u00e5 sin utst\u00e4llningsavdelning \u00e4r eld- och v\u00e4derbest\u00e4ndiga samt deras riktiga fasts\u00e4ttning. Arrang\u00f6ren har r\u00e4tt att avl\u00e4gsna de reklamer och broschyrer som anses vara farliga eller skadliga.<\/p>\n\n\n\n<div style=\"height:40px\" aria-hidden=\"true\" class=\"wp-block-spacer\"><\/div>\n\n\n\n<h3 class=\"wp-block-heading\">Transport av varor och st\u00e4dning<\/h3>\n\n\n\n<p>Utst\u00e4llaren transportera sina varor till och fr\u00e5n utst\u00e4llningsplatser p\u00e5 egen bekostnad. Arrang\u00f6ren svara ej f\u00f6r mottagning av varor, lossning eller f\u00f6rvaring och inte f\u00f6r att transportera bort varor efter utst\u00e4llningen. <\/p>\n\n\n\n<p>Helsingfors Segelklubb HSK rf svarar f\u00f6r den dagliga allm\u00e4nna st\u00e4dningen av omr\u00e5det och t\u00f6mningen av avfallsk\u00e4rlen. Utst\u00e4llaren sorterar avfallet, lossar\/plattar till pappl\u00e5dorna och anv\u00e4nder de avfalls- och \u00e5tervinningsk\u00e4rl som finns p\u00e5 omr\u00e5det. Rosk\/avfall f\u00e5r inte l\u00e4mnas utanf\u00f6r k\u00e4rlen. <\/p>\n\n\n\n<p>Utst\u00e4llaren meddelar Arrang\u00f6ren ifall rosk\/avfallsk\u00e4rlen \u00e4r fyllda s\u00e5 att man kan ordna med t\u00f6mningen. Utst\u00e4llaren st\u00e4dar utst\u00e4llningsavdelningen innan utst\u00e4llningen \u00f6ppnar och st\u00e4dar den d\u00e5 utst\u00e4llningen avslutats. <\/p>\n\n\n\n<p>Varje utst\u00e4llare ansvarar f\u00f6r st\u00e4dningen av den egna avdelningen; f\u00f6r borttransport av varor och skr\u00e4p som l\u00e4mnats p\u00e5 avdelningen debiteras ett pris som Helsingfors Segelklubb HSK rf definierat.<\/p>\n\n\n\n<div style=\"height:40px\" aria-hidden=\"true\" class=\"wp-block-spacer\"><\/div>\n\n\n\n<h3 class=\"wp-block-heading\">Att r\u00f6ra sig p\u00e5 utst\u00e4llningsomr\u00e5det samt varornas lastning och lossning<\/h3>\n\n\n\n<p>D\u00e5 man kommer till utst\u00e4llningsomr\u00e5det skall man vid ing\u00e5ngsporten uppvisa utst\u00e4llarens personkort och detta skall hela tiden h\u00e5llas synligt p\u00e5 man r\u00f6r sig p\u00e5 utst\u00e4llningsomr\u00e5det. Personkortet att officiellt f\u00f6rst d\u00e5 det \u00e4r vederb\u00f6rligt ifyllt och f\u00f6rsett med foto. Personkortet kan under inga omst\u00e4ndigheter ges vidare\/\u00f6verl\u00e4mnas i en annans anv\u00e4ndning. <\/p>\n\n\n\n<p>Utst\u00e4llaren skall omedelbart meddela Arrang\u00f6ren ifall personkortet f\u00f6rkommer eller stj\u00e4ls. Om varuleverant\u00f6rerna, byggarna e.dyl. underleverant\u00f6rer inte har personkort skall utst\u00e4llaren sj\u00e4lv avh\u00e4mta denna person vid entr\u00e9porten och\/eller sk\u00f6ta om, den som anl\u00e4nder har med sig dokument (t.ex. fraktsedel, best\u00e4llningslista) d\u00e4r det framg\u00e5r utst\u00e4llarf\u00f6retaget, avdelningsnummer, kontaktperson samt telefonnummer. <\/p>\n\n\n\n<p><strong>Under utst\u00e4llningen \u00f6ppeth\u00e5llningstid f\u00e5r man under inga f\u00f6rh\u00e5llanden leverera varor per bil till omr\u00e5det eller utst\u00e4llningsavdelningen.<\/strong> Eventuella varuleveranser under utst\u00e4llningens \u00f6ppeth\u00e5llningstid sker b\u00e4randes f\u00f6r hand\/till fots. Att k\u00f6ra bil p\u00e5 utst\u00e4llningsomr\u00e5det f\u00f6r att lasta eller lossa \u00e4r dagligen till\u00e5tet f\u00f6re och efter utst\u00e4llningens \u00f6ppeth\u00e5llningstider. <strong>Bilarna m\u00e5ste avl\u00e4gsnas fr\u00e5n utst\u00e4llningsomr\u00e5det senaste 30 min. innan utst\u00e4llningen \u00f6ppnar. <\/strong><\/p>\n\n\n\n<p>D\u00e5 man r\u00f6r sig p\u00e5 omr\u00e5det per bil m\u00e5ste man f\u00f6lja trafikledarens instruktioner och k\u00f6rhastighet. Hastighetsbegr\u00e4nsningen p\u00e5 utst\u00e4llningsomr\u00e5det \u00e4r 20 km\/h och begr\u00e4nsningen \u00e4r i kraft under hela utst\u00e4llningen (inklusive uppbyggnads- och demonteringsdagarna). <\/p>\n\n\n\n<p>G\u00e4ster som inbjudits utanf\u00f6r utst\u00e4llningen \u00f6ppeth\u00e5llningstider skall absolut ha ett ifyllt provk\u00f6rningsformul\u00e4r d\u00e5 de r\u00f6r sig p\u00e5 utst\u00e4llningsomr\u00e5det och det skall f\u00f6revisas vid porten d\u00e5 man kommer till provk\u00f6rningen samt vis anmodan f\u00f6r omr\u00e5dets v\u00e4ktare och\/eller ordningsvakter. <strong>Utst\u00e4llaren f\u00e5r inte \u00f6vernatta i b\u00e5ten utan ett skriftligt meddelande som p\u00e5 f\u00f6rhand getts Arrang\u00f6ren<\/strong>. \u00d6vrig \u00f6vernattning p\u00e5 omr\u00e5det \u00e4r definitivt f\u00f6rbjudet.<\/p>\n\n\n\n<div style=\"height:40px\" aria-hidden=\"true\" class=\"wp-block-spacer\"><\/div>\n\n\n\n<h3 class=\"wp-block-heading\">Utst\u00e4llarnas bilparkering<\/h3>\n\n\n\n<p>Parkeringsplatser har reserverats f\u00f6r utst\u00e4llare framf\u00f6r yachtklubben Sindbad, p\u00e5 planen vid havssidan av Meripuistotie och i nedre g\u00e5rden p\u00e5 Oy Maritim Ab i slutet av B\u00e5tbyggarv\u00e4gen. Parkeringsytorna \u00e4r i f\u00f6rsta hand avsedda f\u00f6r utst\u00e4llarnas BILAR.<\/p>\n\n\n\n<p><strong>PARKERINGSTILLST\u00c5NDET \u00c4R FORDONSSPECIFIK<\/strong>. Parkeringstillst\u00e5ndet ska finnas p\u00e5 en synlig plats i fordonet (p\u00e5 insidan av vindrutan). Tilltr\u00e4de till utst\u00e4llarnas parkeringsplatser \u00e4r endast till\u00e5ten genom att visa utst\u00e4llningens P-kort. Varje f\u00f6retag som deltar i m\u00e4ssan best\u00e4ller det antal P-tillst\u00e5nd det beh\u00f6ver vid anm\u00e4lan. <\/p>\n\n\n\n<p>Ett begr\u00e4nsat antal parkeringstillst\u00e5nd kan reserveras. Tillst\u00e5nd ger bilen r\u00e4tt att parkera p\u00e5 parkeringsplatsen. \u00d6ppettider f\u00f6r utst\u00e4llarnas parkeringsplatser: tors-l\u00f6r 10-20 och s\u00f6n-s\u00f6n 10-19. Parkeringen \u00e4r bevakad under \u00f6ppettider.<\/p>\n\n\n\n<p><strong>TRAILERS:<\/strong> Oy Maritim Ab:s parkeringsomr\u00e5de \u00e4r i f\u00f6rsta hand f\u00f6r BILAR. Om det finns plats p\u00e5 Sindbads parkeringsplats \u00e4r det m\u00f6jligt att f\u00f6rvara sm\u00e5 Trailers i parkeringsplatsens gr\u00e4syta (st\u00f6rre trailers med flera b\u00e5tar m\u00e5ste parkeras\/f\u00f6rvaras n\u00e5gon annanstans). <strong>PARKERINGSTILLST\u00c5NDET \u00c4R TRAILERSPECIFIK<\/strong>. Parkeringstillst\u00e5ndet ska f\u00e4stas p\u00e5 sl\u00e4pet p\u00e5 en synlig plats (t.ex. sl\u00e4psk\u00e4rm).<\/p>\n\n\n\n<div style=\"height:40px\" aria-hidden=\"true\" class=\"wp-block-spacer\"><\/div>\n\n\n\n<h3 class=\"wp-block-heading\">Restaurangrabatt f\u00f6r utst\u00e4llare<\/h3>\n\n\n\n<p>Uiva Flytande tj\u00e4nsteleverant\u00f6rer erbjuder utst\u00e4llare 20% rabatt p\u00e5 mat. Rabatten kan erh\u00e5llas genom att visa upp utst\u00e4llarkortet n\u00e4r du best\u00e4ller. <\/p>\n\n\n\n<p>Det finns inga separata betalningskort tillg\u00e4ngliga f\u00f6r utst\u00e4llare, s\u00e5 alla tar hand om betalningen enligt deras \u00f6nskem\u00e5l. P\u00e5 plats kan man fr\u00e5ga tj\u00e4nsteleverant\u00f6rer om m\u00f6jligheten att fakturera.<\/p>\n\n\n\n<div style=\"height:40px\" aria-hidden=\"true\" class=\"wp-block-spacer\"><\/div>\n\n\n\n<h3 class=\"wp-block-heading\">Kundinbjudningar<\/h3>\n\n\n\n<p>Utst\u00e4llaren kan i f\u00f6rv\u00e4g best\u00e4lla kundinbjudningar, som kostar 10 \u20ac\/st (till priset tillkommer i kraft varande merv\u00e4rdesskatt). OBS! Best\u00e4llning\/f\u00f6rs\u00e4ljning av kundinbjudningar till 2025 \u00e5rs utst\u00e4llning kommer att \u00f6ppnas senare. <\/p>\n\n\n\n<p>Kundinbjudningar \u00e4r f\u00e4rdiga att anv\u00e4nda som s\u00e5dana och kan vidarebefordras via t.ex. e-post. Utst\u00e4llaren kan \u00e4ven skriva ut de inbjudningar han best\u00e4llt i pappersform om hen s\u00e5 \u00f6nskar. <\/p>\n\n\n\n<p>OBS! Se till att utskriften \u00e4r s\u00e5dan att kallelsens QR-kod och kontrollnummerserie \u00e4r synlig och l\u00e4sbar av besiktningsanordningar. F\u00f6r inbjudningar utskrivna av arrang\u00f6ren tillkommer en tryck- och leveransavgift som \u00e4r 1\/styck (giltig merv\u00e4rdesskatt tillkommer p\u00e5 priset). Utnyttjade kundinbjudningar faktureras efter utst\u00e4llningen.<\/p>\n\n\n\n<div style=\"height:40px\" aria-hidden=\"true\" class=\"wp-block-spacer\"><\/div>\n\n\n\n<h3 class=\"wp-block-heading\">Elarbeten, \u00f6ppen eld och r\u00f6kning<\/h3>\n\n\n\n<p>En elinstallat\u00f6r utsedd av Helsingfors Segelklubb HSK rf ansvarar f\u00f6r utst\u00e4llningsomr\u00e5dets elkopplingar och leveransen av el; utst\u00e4llarna f\u00e5r inte ha egna elentrepen\u00f6rer och det \u00e4r absolut f\u00f6rbjudet att g\u00f6ra egna elkopplingar p\u00e5 omr\u00e5det. Utst\u00e4llaren f\u00e5r absolut inte \u00e4ndra p\u00e5 de elinstallationer\/dragningar som elinstallat\u00f6ren gjort. <\/p>\n\n\n\n<p>Om utst\u00e4llaren g\u00f6r eller l\u00e5ter en tredje part g\u00f6ra f\u00f6r\u00e4ndringar i installationerna kan Arrang\u00f6ren enligt bed\u00f6mning be utst\u00e4llningen officiella elinstallat\u00f6r omedelbart bryta ifr\u00e5gavarande utst\u00e4llares elleverans. Utst\u00e4llaren ansvara f\u00f6r allt missbruk. <\/p>\n\n\n\n<p>Det \u00e4r f\u00f6rbjudet p\u00e5 utst\u00e4llningsavdelningarna att anv\u00e4nda mobila generatorer f\u00f6r att producera el. P\u00e5 uts\u00e4llningsavdelningarna f\u00e5r man inte ha el- eller gasuppv\u00e4rmning. Det \u00e4r f\u00f6rbjudet att g\u00f6ra upp \u00f6ppen eld p\u00e5 utst\u00e4llningsomr\u00e5det. R\u00e4kning \u00e4r inte till\u00e5tet p\u00e5 utst\u00e4llningsomr\u00e5det.<\/p>\n\n\n\n<div style=\"height:40px\" aria-hidden=\"true\" class=\"wp-block-spacer\"><\/div>\n\n\n\n<h3 class=\"wp-block-heading\">Bevakning, f\u00f6rsta hj\u00e4lp och f\u00f6rs\u00e4kringar<\/h3>\n\n\n\n<p>Arrang\u00f6ren svara f\u00f6r bevakningen och den allm\u00e4nna ordningen p\u00e5 utst\u00e4llningsomr\u00e5det, men ansvara inte f\u00f6r b\u00e5tars\/produkters o.dyl. skador eller f\u00f6rsvinnande. Utst\u00e4llarna m\u00e5ste omedelbart meddela Arrang\u00f6ren om all suspekt och\/eller m\u00f6jlig kriminell verksamhet s\u00e5v\u00e4l som om suspekta paket eller f\u00f6rsvinnandet av f\u00f6rem\u00e5l eller egendom, om st\u00f6ld och skadeg\u00f6relse. <\/p>\n\n\n\n<p>Varje utst\u00e4llare f\u00f6rs\u00e4krar sig om att inte med eget beteende f\u00f6rorsaka fara f\u00f6r sig sj\u00e4lv eller andra och sk\u00f6ter, speciellt under uppbyggnaden och nedmonteringen av avdelningarna, om den egna och andras s\u00e4kerhet. F\u00f6r utst\u00e4llningen f\u00f6rsta hj\u00e4lp p\u00e5 omr\u00e5det ansvarar (tj\u00e4nsteleverant\u00f6ren f\u00f6r 2024 kommer att bekr\u00e4ftas senare). <\/p>\n\n\n\n<p>Den dejourerande ambulansen finns bredvid utst\u00e4llningskansliet och en fotpatrull r\u00f6r sig p\u00e5 utst\u00e4llningsomr\u00e5det. Ifall det under utst\u00e4llningen sker person- eller materialskador skall man omedelbart anm\u00e4la om dessa till Arrang\u00f6ren i utst\u00e4llningskansliet. Ring n\u00f6dnummer 112 d\u00e5 du m\u00f6ter en n\u00f6dsituation eller beh\u00f6ver f\u00e5 br\u00e5dskandet myndighetshj\u00e4lp till omr\u00e5det eller om du befarar att liv, h\u00e4lsa, egendom eller omgivning \u00e4r hotat eller i fara. <\/p>\n\n\n\n<p>Den ansvarsf\u00f6rs\u00e4kring som Arrang\u00f6ren tagit ers\u00e4tter de skador som v\u00e5llats tredje part p\u00e5 grund av den egna personalens \u00e5tg\u00e4rder eller apparatur. Ansvarsf\u00f6rs\u00e4kringen ers\u00e4tter inte skador som p\u00e5 annat s\u00e4tt f\u00f6rorsakats utst\u00e4llaren. Utst\u00e4llaren skall sj\u00e4lv sk\u00f6ta om de f\u00f6rs\u00e4kringar han anser n\u00f6dv\u00e4ndiga.<\/p>\n\n\n\n<div style=\"height:40px\" aria-hidden=\"true\" class=\"wp-block-spacer\"><\/div>\n\n\n\n<h3 class=\"wp-block-heading\">Utst\u00e4llningens trygghet<\/h3>\n\n\n\n<p>F\u00f6r utst\u00e4llningen har i samr\u00e5d med myndigheterna uppgjorts en f\u00f6r friluftsevenemang anpassad r\u00e4ddning- och f\u00f6rst hj\u00e4lp \u2013plan. Den finns till p\u00e5seende i utst\u00e4llningskansliet. Arrang\u00f6ren sk\u00f6ter om att utst\u00e4llningen allm\u00e4nna in- och utg\u00e5ngar l\u00e4tt kan n\u00e5s och uppfyller \u00e5tminstone r\u00e4ddningsplanens krav. Utst\u00e4llaren skall h\u00e5lla den leder som upptas i r\u00e4ddningsplanen fria vid sin egen utst\u00e4llningsavdelning. Arrang\u00f6ren har r\u00e4tt att kontrollera utst\u00e4llningsomr\u00e5det och \u2013avdelningarna samt anbefalla de f\u00f6r\u00e4ndringar som anses n\u00f6dv\u00e4ndiga och avl\u00e4gsna de hinder som anses farliga eller skadliga. Arrang\u00f6ren f\u00f6ljer v\u00e4derleksf\u00f6rh\u00e5llanden under utst\u00e4llningen sinnesm\u00e4ssigt och genom att f\u00f6lja v\u00e4derleksinformation\/prognoser samt varningar. Under en eventuell storm eller annan extrem v\u00e4derlek \u00f6verg\u00e5r man vid behov till ett undantagstillst\u00e5nd. Under undantagstillst\u00e5nd skall alla personer p\u00e5 omr\u00e5det f\u00f6lja Arrang\u00f6rens, ordningsvakternas och andra myndigheters uppmaningar, order och instruktioner. Arrang\u00f6ren har f\u00f6rberett sig p\u00e5 att instruera m\u00e4nniskor med bl.a. megafoner och via bryggornas ljud\u00f6verf\u00f6ringsapparater. I en eventuell evakueringssituation v\u00e4gleder utst\u00e4llningen ordningsvakter och \u00f6vrig personal publiken bort fr\u00e5n faran via de n\u00e4rmaste utg\u00e5ngsrutterna. Utst\u00e4llaren har r\u00e4tt att enligt bed\u00f6mning st\u00e4nga utst\u00e4llningsomr\u00e5det n\u00e4r som helst under \u00f6ppeth\u00e5llningstiden f\u00f6r att garantera tryggheten. <\/p>\n\n\n\n<p><strong>BRYGGOR OCH B\u00c5TAR<\/strong> Man skall kunna r\u00f6ra sig obehindrat p\u00e5 bryggorna och de skall h\u00e5llas fria fr\u00e5n hinder, som f\u00f6rsv\u00e5rar m\u00e4nniskornas g\u00e5ng p\u00e5 bryggorna. Det \u00e4r f\u00f6rbjudet att ta ut barnvagnar p\u00e5 bryggorna. Vagnarna l\u00e4mnas i barnvagnparkeringen under bes\u00f6ken p\u00e5 bryggorna. Vi behov begr\u00e4nsar ordningsvakterna publikens samtida tilltr\u00e4de till bryggorna, f\u00f6r att bryggornas b\u00e4righet skall garanteras. Det skall vara tryggt att g\u00e5 ombord p\u00e5 b\u00e5tarna. Bes\u00f6karna skall informeras om det r\u00e4tta s\u00e4ttet att stiga ombord och skall vid behov erbjudas hj\u00e4lp vid ombordstigningen. Utst\u00e4llarna \u00e4r ansvariga f\u00f6r alla sina g\u00e4sters samt personalens h\u00e4lsa och trygghet d\u00e5 de befinner sig ombord i b\u00e5tarna och p\u00e5 bryggomr\u00e5det runt om dem. Speciell uppm\u00e4rksamhet skall iakttagas ifall ombordstigningen sker via en landg\u00e5ng. Brandskyddsutrustningen skall alltid vara l\u00e4tt \u00e5tkomlig i b\u00e5tarna. Vid n\u00f6dl\u00e4ge anv\u00e4nds vid behov som utrymningsrutter \u00e4ven utst\u00e4llningsb\u00e5tarna. Utst\u00e4llarna f\u00e5r inte utan Arrang\u00f6rens f\u00f6rhandslov bygga ut sin utst\u00e4llningsavdelning p\u00e5 bryggorna med breddningar\/mottagningsomr\u00e5den (s.k. hospitality decking) eller placera tungt utst\u00e4llningsmaterial p\u00e5 dem. Ifall utst\u00e4llaren p\u00e5 sin landmonter en plattform\/f\u00f6rh\u00f6jning (s.k. viewing platform) byggd runt omkring b\u00e5tarna skall den vara stadig och placerad p\u00e5 ett j\u00e4mt underlag. Den eventuella plattformens\/f\u00f6rh\u00f6jningens r\u00e4cken skall f\u00e4stas speciell noggrant. Utst\u00e4llarna svara f\u00f6r den trygga anv\u00e4ndningen av plattformarna\/f\u00f6rh\u00f6jningarna samt trapporna. Bes\u00f6karna skall anvisas det r\u00e4tta s\u00e4ttet att stiga upp p\u00e5 plattformen\/f\u00f6rh\u00f6jningen och vid behov assisteras vid tilltr\u00e4det till dem. Separata mobila stegar, fotsteg och\/eller trappor \u00e4r av s\u00e4kerhetssk\u00e4l f\u00f6rbjudna. <\/p>\n\n\n\n<p><strong>R\u00c4DDNINGAV\u00c4STAR<\/strong> \u00c5t de barn som kommer till utst\u00e4llningsomr\u00e5det och provk\u00f6rningarna utdelas i r\u00e4ddningsv\u00e4stt\u00e4ltet p\u00e5 f\u00f6rsorg av Helsingfors Segelklubb HSK rf r\u00e4ddningsv\u00e4star till l\u00e5ns under utst\u00e4llningsbes\u00f6ket. R\u00e4ddningsv\u00e4stt\u00e4ltet finns utm\u00e4rkt p\u00e5 utst\u00e4llningens omr\u00e5deskarta. Utst\u00e4llaren f\u00f6rs\u00e4krar sig om att i b\u00e5ten finns tillr\u00e4ckligt antal r\u00e4ddningsv\u00e4star f\u00f6r vuxna som deltar i provk\u00f6rningen och hj\u00e4lper vid behov ocks\u00e5 till med att kl\u00e4 p\u00e5 den r\u00e4tt. Alla personer som deltar i provk\u00f6rningen skall anv\u00e4nda l\u00e4mpliga personliga r\u00e4ddningsv\u00e4star oberoende av b\u00e5tens storlek. <\/p>\n\n\n\n<p><strong>T\u00c4LTAVDELNINGARNA<\/strong> Duken som anv\u00e4nds f\u00f6r t\u00e4ltavdelningarna \u00e4r ett sv\u00e5rt ant\u00e4ndligt material och t\u00e4ltavdelningarna \u00e4r monterade av t\u00e4ltleverant\u00f6ren stadigt p\u00e5 underlaget med betongtyngder enligt anvisningar av tillverkaren. Utst\u00e4llaren f\u00e5r inte g\u00f6ra egna f\u00f6r\u00e4ndringar p\u00e5 t\u00e4ltkonstruktionen och inte ankra\/st\u00f6da andra konstruktioner i t\u00e4ltkonstruktionen. Vid extrema v\u00e4derleksf\u00f6rh\u00e5llanden avbryts anv\u00e4ndningen av t\u00e4lten och m\u00e4nniskorna v\u00e4gleds av Arrang\u00f6ren bort fr\u00e5n t\u00e4ltens n\u00e4rhet och vid behov bort fr\u00e5n utst\u00e4llningsomr\u00e5det via n\u00e4rmaste utrymningsrutt.<\/p>\n\n\n\n<div style=\"height:40px\" aria-hidden=\"true\" class=\"wp-block-spacer\"><\/div>\n\n\n\n<h3 class=\"wp-block-heading\">Marknads\u00f6vervakningen p\u00e5 utst\u00e4llningen<\/h3>\n\n\n\n<p>Transport -och kommunikationsverket (Traficom) kommer att under b\u00e5tutst\u00e4llningen g\u00f6ra slumpm\u00e4ssiga stickprov p\u00e5 b\u00e5tar, produkter och utrustning, som f\u00f6revisas p\u00e5 utst\u00e4llningen. Utst\u00e4llaren skall f\u00f6rbereda sig p\u00e5 eventuell stickprovskontroll genom att ta med sig dokumenten f\u00f6r b\u00e5tarna, produkterna och utrustningen; d\u00e5 man marknadsf\u00f6r eller s\u00e4ljer b\u00e5tar, produkter eller utrustning som lyder under fritidsb\u00e5tdirektivet 2013\/53\/EU skall de vara f\u00f6rsedda med dokument och utm\u00e4rkning enligt Lag om s\u00e4kerhet och utsl\u00e4ppskrav f\u00f6r fritidsb\u00e5tar 1712\/2015. <\/p>\n\n\n\n<p>1) f\u00f6rs\u00e4kran om \u00f6verensst\u00e4mmelse och till den h\u00f6rande <\/p>\n\n\n\n<p>2) f\u00f6rteckning \u00f6ver standarder p\u00e5 finska och svenska <\/p>\n\n\n\n<p>3) \u00e4garens handbok p\u00e5 finska och svenska samt <\/p>\n\n\n\n<p>4) CE-m\u00e4rkning Ifall b\u00e5ten som st\u00e4lls ut inte har CE-m\u00e4rkning skall man placera en angivelse d\u00e4rom p\u00e5 en synlig plats i b\u00e5ten. <\/p>\n\n\n\n<p>Ifall en utst\u00e4lld utrustning inte har CE-m\u00e4rkning skall en angivelse d\u00e4rom placeras synligt i anknytning till den. Ifall \u00f6vriga utst\u00e4llda produkter, som lyder under fritidsb\u00e5tdirektivets till\u00e4mpningsomr\u00e5de, inte uppfyller fritidsb\u00e5tdirektivets krav skall man placera p\u00e5 ett synligt st\u00e4lle i anknytning till produkten en angivelse om detta. Alla i fr\u00e5ga varande bilagor finns till p\u00e5seende i utst\u00e4llarens informationsbank med anm\u00e4lningsblanketten p\u00e5 https:\/\/ilmoittaudu.uiva.fi\/. Varje utst\u00e4llare trycker ut den m\u00e4ngd angivelser han beh\u00f6ver.<\/p>\n\n\n\n<div style=\"height:40px\" aria-hidden=\"true\" class=\"wp-block-spacer\"><\/div>\n\n\n\n<h3 class=\"wp-block-heading\">Detaljhandeln<\/h3>\n\n\n\n<p>Minutf\u00f6rs\u00e4ljningen av b\u00e5tbranschtillbeh\u00f6r \u00e4r till\u00e5ten p\u00e5 utst\u00e4llningen.<\/p>\n","protected":false},"excerpt":{"rendered":"<p>Nedan hittar du svar p\u00e5 vanliga fr\u00e5gor. Fr\u00e5gorna r\u00f6r bl.a. platshyror, till\u00e4ggsbest\u00e4llningar f\u00f6r utst\u00e4llare, ID-kort, el till montrar och st\u00e4dning av montrar. Hittade du inte svaret p\u00e5 dina fr\u00e5gor? Kontakta &#8230;<\/p>\n","protected":false},"author":10,"featured_media":0,"parent":0,"menu_order":0,"comment_status":"closed","ping_status":"closed","template":"","meta":{"_acf_changed":false,"inline_featured_image":false,"footnotes":""},"class_list":["post-12946","page","type-page","status-publish","hentry"],"acf":[],"aioseo_notices":[],"_links":{"self":[{"href":"https:\/\/uiva.fi\/sv\/wp-json\/wp\/v2\/pages\/12946","targetHints":{"allow":["GET"]}}],"collection":[{"href":"https:\/\/uiva.fi\/sv\/wp-json\/wp\/v2\/pages"}],"about":[{"href":"https:\/\/uiva.fi\/sv\/wp-json\/wp\/v2\/types\/page"}],"author":[{"embeddable":true,"href":"https:\/\/uiva.fi\/sv\/wp-json\/wp\/v2\/users\/10"}],"replies":[{"embeddable":true,"href":"https:\/\/uiva.fi\/sv\/wp-json\/wp\/v2\/comments?post=12946"}],"version-history":[{"count":30,"href":"https:\/\/uiva.fi\/sv\/wp-json\/wp\/v2\/pages\/12946\/revisions"}],"predecessor-version":[{"id":13744,"href":"https:\/\/uiva.fi\/sv\/wp-json\/wp\/v2\/pages\/12946\/revisions\/13744"}],"wp:attachment":[{"href":"https:\/\/uiva.fi\/sv\/wp-json\/wp\/v2\/media?parent=12946"}],"curies":[{"name":"wp","href":"https:\/\/api.w.org\/{rel}","templated":true}]}}